{"id":11680,"date":"2022-05-08T11:03:07","date_gmt":"2022-05-08T11:03:07","guid":{"rendered":"https:\/\/whereto.pt\/curiosidades\/"},"modified":"2022-06-13T21:55:05","modified_gmt":"2022-06-13T21:55:05","slug":"curiosidades","status":"publish","type":"page","link":"https:\/\/whereto.pt\/pt-pt\/curiosidades\/","title":{"rendered":"Curiosidades"},"content":{"rendered":"<section class=\"wpb-content-wrapper\"><p>[vc_row equal_height=&#8221;yes&#8221; content_placement=&#8221;middle&#8221;][vc_column width=&#8221;1\/2&#8243; css=&#8221;.vc_custom_1652008484200{padding-right: 5% !important;}&#8221;][vc_empty_space height=&#8221;60px&#8221;][vc_column_text]<\/p>\n<h4 style=\"text-align: center;\">LISBOA &#8211; A m\u00e1gica cidade da luz<\/h4>\n<p>[\/vc_column_text][vc_empty_space height=&#8221;40px&#8221;][vc_column_text]<\/p>\n<p style=\"text-align: justify;\"><span style=\"font-size: 14pt; color: #333333;\">Situada no extremo oeste da Europa, Lisboa \u00e9 a capital mais ensolarada do continente, com uma m\u00e9dia de 2.799 horas de sol por ano.<\/span><\/p>\n<p style=\"text-align: justify;\"><span style=\"font-size: 14pt; color: #333333;\">Com o Oceano Atl\u00e2ntico como pano de fundo, esta cidade deliciosamente ensolarada vive num conto de fadas de costumes e tradi\u00e7\u00f5es, com el\u00e9ctricos e funiculares centen\u00e1rios, que sobem e descem pelas ruas t\u00edpicas, exibindo orgulhosamente a luz alegre da cidade, os seus monumentos e seu povo gentil.<\/span><\/p>\n<p style=\"text-align: justify;\"><span style=\"font-size: 14pt; color: #333333;\">Uma cidade hist\u00f3rica, misturada com uma vibe moderna, cheia de restaurantes incr\u00edveis, vida noturna, jardins soberbos e muita cultura.<\/span><\/p>\n<p>[\/vc_column_text][\/vc_column][vc_column width=&#8221;1\/2&#8243;][vc_images_carousel images=&#8221;10579,10575,10535,10531,10511,10515,10523,10495,10483&#8243; img_size=&#8221;medium&#8221; autoplay=&#8221;yes&#8221; hide_pagination_control=&#8221;yes&#8221; wrap=&#8221;yes&#8221;][\/vc_column][\/vc_row][vc_row equal_height=&#8221;yes&#8221;][vc_column width=&#8221;1\/2&#8243; css=&#8221;.vc_custom_1652008484200{padding-right: 5% !important;}&#8221;][vc_empty_space height=&#8221;60px&#8221;][vc_column_text]<\/p>\n<h4 style=\"text-align: center;\">PORTO &#8211; N\u00e3o se trata apenas de um bom vinho<\/h4>\n<p>[\/vc_column_text][vc_empty_space height=&#8221;60px&#8221;][vc_column_text]<\/p>\n<p style=\"text-align: justify;\"><span style=\"font-size: 14pt; color: #333333;\">Esta antiga metr\u00f3pole \u00e9 como uma bela fotografia tirada com a alma, que capta as ruas pitorescas, os edif\u00edcios antigos e uma aura \u00fanica trazida pelas gentes do Porto.<\/span><\/p>\n<p style=\"text-align: justify;\"><span style=\"font-size: 14pt; color: #333333;\">\u00c9 obrigat\u00f3ria a visita ao centro hist\u00f3rico, classificado como Patrim\u00f3nio Mundial pela UNESCO.<\/span><\/p>\n<p style=\"text-align: justify;\"><span style=\"font-size: 14pt; color: #333333;\">Aproveite os almo\u00e7os pregui\u00e7osos \u00e0 beira-rio em seus novos restaurantes, ou mergulhe na cena cultural, de concertos de renome mundial na Casa de M\u00fasica a incr\u00edveis exposi\u00e7\u00f5es de arte na Rua Miguel Bombarda.<\/span><\/p>\n<p>[\/vc_column_text][\/vc_column][vc_column width=&#8221;1\/2&#8243;][vc_images_carousel images=&#8221;10709,10681,10685,10721,10689,10693,10697,10701,10705,10713,10725,10729&#8243; img_size=&#8221;medium&#8221; speed=&#8221;4500&#8243; autoplay=&#8221;yes&#8221; hide_pagination_control=&#8221;yes&#8221; wrap=&#8221;yes&#8221;][\/vc_column][\/vc_row][vc_row equal_height=&#8221;yes&#8221;][vc_column width=&#8221;1\/2&#8243; css=&#8221;.vc_custom_1652008484200{padding-right: 5% !important;}&#8221;][vc_empty_space height=&#8221;60px&#8221;][vc_column_text]<\/p>\n<h4 style=\"text-align: center;\">NAZAR\u00c9 &#8211; Viver a vila piscat\u00f3ria<\/h4>\n<p>[\/vc_column_text][vc_empty_space height=&#8221;60px&#8221;][vc_column_text]<\/p>\n<p style=\"text-align: justify;\"><span style=\"font-size: 14pt; color: #333333;\">H\u00e1 muito o que gostar na Nazar\u00e9. Real recorde de ondas mutantes, uma vez por ano, a Nazar\u00e9 \u00e9 uma est\u00e2ncia costeira a norte de Lisboa e um destino cada vez mais popular para surfistas e turistas.<\/span><\/p>\n<p style=\"text-align: justify;\"><span style=\"font-size: 14pt; color: #333333;\">Considerada por muitos como a praia mais t\u00edpica de Portugal, encanta o visitante pela sua beleza natural. O clima ameno, as gentes simp\u00e1ticas e hospitaleiras, a luz magn\u00edfica, as tradi\u00e7\u00f5es e artes piscat\u00f3rias fizeram da Nazar\u00e9 a musa dos pintores e artistas.<\/span><\/p>\n<p style=\"text-align: justify;\"><span style=\"font-size: 14pt; color: #333333;\">Atravesse as ruas estreitas, perpendiculares ao mar, onde a vida flui ao ritmo dos ventos e das mar\u00e9s e descubra a ess\u00eancia destas gentes.<\/span><\/p>\n<p>[\/vc_column_text][\/vc_column][vc_column width=&#8221;1\/2&#8243;][vc_images_carousel images=&#8221;10777,10749,10753,10757,10761,10765,10769,10773&#8243; img_size=&#8221;medium&#8221; speed=&#8221;5100&#8243; autoplay=&#8221;yes&#8221; hide_pagination_control=&#8221;yes&#8221; wrap=&#8221;yes&#8221;][\/vc_column][\/vc_row][vc_row equal_height=&#8221;yes&#8221;][vc_column width=&#8221;1\/2&#8243; css=&#8221;.vc_custom_1652008484200{padding-right: 5% !important;}&#8221;][vc_empty_space height=&#8221;60px&#8221;][vc_column_text]<\/p>\n<h4 style=\"text-align: center;\">MAFRA &#8211; Sedutora Saloia<\/h4>\n<p>[\/vc_column_text][vc_empty_space height=&#8221;60px&#8221;][vc_column_text]<\/p>\n<p style=\"text-align: justify;\"><span style=\"font-size: 14pt; color: #333333;\">Mafra \u00e9 uma vila sedutora, situada na Regi\u00e3o da Saloia, com a sua Tapada que ocupa uma \u00e1rea de 819 hectares de floresta que nos confere uma enorme diversidade de esp\u00e9cies animais e vegetais. <\/span><\/p>\n<p style=\"text-align: justify;\"><span style=\"font-size: 14pt; color: #333333;\">Aqui, \u00e9 imposs\u00edvel ficar indiferente ao monumental Pal\u00e1cio de Mafra, monumento barroco, mandado construir por D. Jo\u00e3o V em 1711, que possui uma das mais belas bibliotecas do mundo, onde pode desfrutar da primeira edi\u00e7\u00e3o dos Lus\u00edadas por Cam\u00f5es. Tamb\u00e9m \u00e9 interessante saber que este foi o monumento que inspirou Jos\u00e9 Saramago a escrever o \u201cMemorial do Convento\u201d, uma das suas obras mais conhecidas.<\/span><\/p>\n<p style=\"text-align: justify;\"><span style=\"font-size: 14pt; color: #333333;\">Perto dali, na pequena vila do Sobreiro, ainda faz sentido visitar a Aldeia-Museu Jos\u00e9 Franco.<\/span><\/p>\n<p>[\/vc_column_text][\/vc_column][vc_column width=&#8221;1\/2&#8243;][vc_images_carousel images=&#8221;10786,10782,10794,10790,10798,10802,10806,10810&#8243; img_size=&#8221;medium&#8221; speed=&#8221;4100&#8243; autoplay=&#8221;yes&#8221; hide_pagination_control=&#8221;yes&#8221; wrap=&#8221;yes&#8221;][\/vc_column][\/vc_row][vc_row equal_height=&#8221;yes&#8221;][vc_column width=&#8221;1\/2&#8243; css=&#8221;.vc_custom_1652008484200{padding-right: 5% !important;}&#8221;][vc_empty_space height=&#8221;30px&#8221;][vc_column_text]<\/p>\n<h4 style=\"text-align: center;\">ERICEIRA &#8211; Entre na onda e seja feliz<\/h4>\n<p>[\/vc_column_text][vc_empty_space height=&#8221;30px&#8221;][vc_column_text]<\/p>\n<p style=\"text-align: justify;\"><span style=\"font-size: 14pt; color: #333333;\">A Ericeira \u00e9 uma pequena vila piscat\u00f3ria com fama mundial pelas grandes ondas para a pr\u00e1tica de surf que se fazem sentir nas suas praias, embora muitos portugueses e estrangeiros usufruam da elevada qualidade das suas \u00e1guas.<\/span><\/p>\n<p style=\"text-align: justify;\"><span style=\"font-size: 14pt; color: #333333;\">Com vest\u00edgios da \u00e9poca fen\u00edcia, foi apenas no s\u00e9culo XIX que esta vila cresceu, existindo ent\u00e3o o desenvolvimento comercial do porto. A sa\u00edda da fam\u00edlia real portuguesa para o ex\u00edlio, que representa o fim do regime mon\u00e1rquico nacional, faz do porto da Ericeira um dos locais mais emblem\u00e1ticos da hist\u00f3ria portuguesa para sempre.<\/span><\/p>\n<p style=\"text-align: justify;\"><span style=\"font-size: 14pt; color: #333333;\">Impressionantes praias estendem-se ao longo da costa e o seu mar Atl\u00e2ntico oferece-nos deliciosos peixes e mariscos frescos, enriquecendo a oferta desta vila m\u00e1gica.<\/span><\/p>\n<p>[\/vc_column_text][\/vc_column][vc_column width=&#8221;1\/2&#8243;][vc_images_carousel images=&#8221;10860,10856,10816,10824,10844,10820,10836,10828,10832,10840,10848,10852&#8243; img_size=&#8221;medium&#8221; autoplay=&#8221;yes&#8221; hide_pagination_control=&#8221;yes&#8221; wrap=&#8221;yes&#8221;][\/vc_column][\/vc_row][vc_row equal_height=&#8221;yes&#8221;][vc_column width=&#8221;1\/2&#8243; css=&#8221;.vc_custom_1652008484200{padding-right: 5% !important;}&#8221;][vc_empty_space height=&#8221;60px&#8221;][vc_column_text]<\/p>\n<h4 style=\"text-align: center;\">F\u00c1TIMA &#8211; Cidade Aben\u00e7oada<\/h4>\n<p>[\/vc_column_text][vc_empty_space height=&#8221;30px&#8221;][vc_column_text]<\/p>\n<p style=\"text-align: justify;\"><span style=\"font-size: 14pt; color: #333333;\">Visite o destino de peregrina\u00e7\u00e3o mais importante da Europa.<\/span><br \/>\n<span style=\"font-size: 14pt; color: #333333;\">Descubra sua aura m\u00edstica e um lugar incr\u00edvel de Hist\u00f3ria, Cultura e Religi\u00e3o.<\/span><\/p>\n<p style=\"text-align: justify;\"><span style=\"font-size: 14pt; color: #333333;\">A crescente popularidade est\u00e1 relacionada com o aparecimento da Virgem Maria a tr\u00eas crian\u00e7as em 1917 &#8211; &#8220;Os Tr\u00eas Pastorinhos&#8221;.<\/span><\/p>\n<p style=\"text-align: justify;\"><span style=\"font-size: 14pt; color: #333333;\">A Capelinha das Apari\u00e7\u00f5es marca o local onde teria aparecido a Virgem Maria. Outros locais sagrados incluem a Bas\u00edlica de Nossa Senhora do Ros\u00e1rio, com seus anjos dourados, e a moderna Igreja da Sant\u00edssima Trindade. Conhe\u00e7a tamb\u00e9m a obra\/escultura \u201cCora\u00e7\u00e3o Francisco\u201d, considerada o maior cora\u00e7\u00e3o de a\u00e7o do mundo, com 12 metros de altura e largura.<\/span><\/p>\n<p>[\/vc_column_text][\/vc_column][vc_column width=&#8221;1\/2&#8243;][vc_images_carousel images=&#8221;10892,10872,10884,10868,10876,10880,10888,10896&#8243; img_size=&#8221;medium&#8221; speed=&#8221;4000&#8243; autoplay=&#8221;yes&#8221; hide_pagination_control=&#8221;yes&#8221; wrap=&#8221;yes&#8221;][\/vc_column][\/vc_row][vc_row equal_height=&#8221;yes&#8221;][vc_column width=&#8221;1\/2&#8243; css=&#8221;.vc_custom_1652008484200{padding-right: 5% !important;}&#8221;][vc_empty_space height=&#8221;60px&#8221;][vc_column_text]<\/p>\n<h4 style=\"text-align: center;\">SINTRA &#8211; Um conto de fadas perfeito<\/h4>\n<p>[\/vc_column_text][vc_empty_space height=&#8221;60px&#8221;][vc_column_text]<\/p>\n<p style=\"text-align: justify;\"><span style=\"color: #333333; font-size: 14pt;\">No sop\u00e9 da serra, Sintra \u00e9 uma vila encantadora t\u00e3o perto de Lisboa.<\/span><\/p>\n<p style=\"text-align: justify;\"><span style=\"color: #333333; font-size: 14pt;\">A variedade de fascinantes edif\u00edcios hist\u00f3ricos, com pal\u00e1cios extravagantes, casas opulentas e at\u00e9 as ru\u00ednas de um castelo, fazem de Sintra um destino tur\u00edstico fant\u00e1stico. H\u00e1 muito tempo um retiro real, seus terrenos arborizados s\u00e3o pontilhados com fazendas e pal\u00e1cios em tons pastel. O Pal\u00e1cio Nacional de Sintra, em estilo g\u00f3tico e manuelino, \u00e9 um monumento incontorn\u00e1vel, distinguindo-se pelas duas deslumbrantes chamin\u00e9s id\u00eanticas e pelos elaborados azulejos.<\/span><\/p>\n<p style=\"text-align: justify;\"><span style=\"color: #333333; font-size: 14pt;\">O Pal\u00e1cio Nacional da Pena do s\u00e9culo XIX, no topo da colina, \u00e9 conhecido pelo seu design extravagante e vistas deslumbrantes.<\/span><\/p>\n<p>[\/vc_column_text][\/vc_column][vc_column width=&#8221;1\/2&#8243;][vc_images_carousel images=&#8221;10919,10331,10907,10935,10911,10547,10903,10915,10923,10927,10931,10939,10177&#8243; img_size=&#8221;medium&#8221; speed=&#8221;4300&#8243; autoplay=&#8221;yes&#8221; hide_pagination_control=&#8221;yes&#8221; wrap=&#8221;yes&#8221;][\/vc_column][\/vc_row][vc_row equal_height=&#8221;yes&#8221;][vc_column width=&#8221;1\/2&#8243; css=&#8221;.vc_custom_1652008484200{padding-right: 5% !important;}&#8221;][vc_empty_space height=&#8221;60px&#8221;][vc_column_text]<\/p>\n<h4 style=\"text-align: center;\">CABO DA ROCA &#8211; Onde a terra acaba e o mar come\u00e7a<\/h4>\n<p>[\/vc_column_text][vc_empty_space height=&#8221;60px&#8221;][vc_column_text]<\/p>\n<p style=\"text-align: justify;\"><span style=\"font-size: 14pt; color: #333333;\">Se for a Sintra, n\u00e3o deixe de visitar o ponto mais ocidental da Europa Continental, o Cabo da Roca. Localizada na latitude 38\u00ba 47\u00b4 Norte e longitude 9\u00ba.<\/span><\/p>\n<p style=\"text-align: justify;\"><span style=\"font-size: 14pt; color: #333333;\">\u00c9, como escreveu Cam\u00f5es, o lugar \u201cOnde a terra acaba e o mar come\u00e7a\u201d (em Os Lus\u00edadas, Canto III). Um padr\u00e3o de pedra com uma l\u00e1pide marca esta caracter\u00edstica geogr\u00e1fica a todos os que visitam este local. No Cabo da Roca, o olhar volta-se para a imensid\u00e3o do Oceano Atl\u00e2ntico e ali perde-se nas contempla\u00e7\u00f5es de um Portugal orgulhoso.<\/span><\/p>\n<p>[\/vc_column_text][\/vc_column][vc_column width=&#8221;1\/2&#8243;][vc_images_carousel images=&#8221;10950,10946,10966,10954,10958,10962,10970&#8243; img_size=&#8221;medium&#8221; speed=&#8221;4700&#8243; autoplay=&#8221;yes&#8221; hide_pagination_control=&#8221;yes&#8221; wrap=&#8221;yes&#8221;][\/vc_column][\/vc_row][vc_row equal_height=&#8221;yes&#8221;][vc_column width=&#8221;1\/2&#8243; css=&#8221;.vc_custom_1652008484200{padding-right: 5% !important;}&#8221;][vc_empty_space height=&#8221;20px&#8221;][vc_column_text]<\/p>\n<h4 style=\"text-align: center;\">CASCAIS &#8211; Riviera Portuguesa<\/h4>\n<p>[\/vc_column_text][vc_empty_space height=&#8221;10px&#8221;][vc_column_text]<\/p>\n<p style=\"text-align: justify;\"><span style=\"font-size: 14pt; color: #333333;\">A chamada &#8220;Costa do Sol&#8221;, ou &#8220;Riviera Portuguesa&#8221;, come\u00e7a no Estoril e estende-se at\u00e9 Cascais.<\/span><\/p>\n<p style=\"text-align: justify;\"><span style=\"font-size: 14pt; color: #333333;\">Situada a poucos quil\u00f3metros da foz do Tejo, Cascais oferece um ambiente mar\u00edtimo exclusivo com a sua marina requintada, as suas ruas encantadoras com as suas lojas e um toque cosmopolita especial. Conhecida pela sua espl\u00eandida praia de areia branca, a vila piscat\u00f3ria de Cascais reinventou-se e tornou-se numa requintada est\u00e2ncia balnear e num dos destinos mais sofisticados da zona de Lisboa.<\/span><\/p>\n<p style=\"text-align: justify;\"><span style=\"font-size: 14pt; color: #333333;\">O centro hist\u00f3rico abriga a Fortaleza medieval de Nossa Senhora da Luz e o Pal\u00e1cio da Cidadela, um antigo ref\u00fagio real. Perto est\u00e1 a igreja caiada de Nossa Senhora da Assun\u00e7\u00e3o, com azulejos. A Casa das Hist\u00f3rias Paula Rego exp\u00f5e as pinturas da artista portuguesa num edif\u00edcio moderno.<\/span><\/p>\n<p style=\"text-align: justify;\"><span style=\"font-size: 14pt; color: #333333;\">Cascais tamb\u00e9m atrai os not\u00edvagos com uma variedade de op\u00e7\u00f5es, desde sal\u00f5es de cocktails a acolhedores bares de jazz e discotecas da moda.<\/span><\/p>\n<p>[\/vc_column_text][\/vc_column][vc_column width=&#8221;1\/2&#8243;][vc_images_carousel images=&#8221;10985,11017,10981,11001,10989,11009,10993,10997,11005,11013,11021,11025,11029,11033&#8243; img_size=&#8221;medium&#8221; speed=&#8221;4000&#8243; autoplay=&#8221;yes&#8221; hide_pagination_control=&#8221;yes&#8221; wrap=&#8221;yes&#8221;][\/vc_column][\/vc_row][vc_row equal_height=&#8221;yes&#8221;][vc_column width=&#8221;1\/2&#8243; css=&#8221;.vc_custom_1652008484200{padding-right: 5% !important;}&#8221;][vc_empty_space height=&#8221;60px&#8221;][vc_column_text]<\/p>\n<h4 style=\"text-align: center;\">ESTORIL &#8211; Casino Spy Royal<\/h4>\n<p>[\/vc_column_text][vc_empty_space height=&#8221;60px&#8221;][vc_column_text]<\/p>\n<p style=\"text-align: justify;\"><span style=\"font-size: 14pt; color: #333333;\">D\u00ea um passeio ao longo do passeio mar\u00edtimo at\u00e9 ao Estoril, onde se encontra um dos maiores e mais antigos casinos da Europa. Pontilhado por luxuosas moradias \u00e0 beira-mar, uma praia muito famosa e uma animada vida nocturna, o Estoril \u00e9 o local perfeito para quem tem sede de cultura e para o jet set de todos os cantos do mundo, que chega constantemente para festivais de cinema, concertos de jazz, confer\u00eancias, <\/span><span style=\"font-size: 14pt; color: #333333;\">eventos esportivos internacionais etc.<\/span><\/p>\n<p>[\/vc_column_text][\/vc_column][vc_column width=&#8221;1\/2&#8243;][vc_images_carousel images=&#8221;11043,11051,11067,11063,11039,11055,11047,11059,11071&#8243; img_size=&#8221;medium&#8221; speed=&#8221;5100&#8243; autoplay=&#8221;yes&#8221; hide_pagination_control=&#8221;yes&#8221; wrap=&#8221;yes&#8221;][\/vc_column][\/vc_row][vc_row equal_height=&#8221;yes&#8221;][vc_column width=&#8221;1\/2&#8243; css=&#8221;.vc_custom_1652008484200{padding-right: 5% !important;}&#8221;][vc_empty_space height=&#8221;60px&#8221;][vc_column_text]<\/p>\n<h4 style=\"text-align: center;\">\u00d3BIDOS &#8211; Cora\u00e7\u00e3o aberto<\/h4>\n<p>[\/vc_column_text][vc_empty_space height=&#8221;60px&#8221;][vc_column_text]<\/p>\n<p style=\"text-align: justify;\"><span style=\"font-size: 14pt; color: #333333;\">Visitar \u00d3bidos \u00e9 como voltar ao passado! A vila medieval de \u00d3bidos \u00e9 uma das mais pitorescas e bem conservadas de Portugal com um belo centro hist\u00f3rico, rodeada por muralhas com ameias cl\u00e1ssicas, composta por um labirinto de ruas calcetadas e casas caiadas de branco, decoradas com flores. <\/span><\/p>\n<p style=\"text-align: justify;\"><span style=\"font-size: 14pt; color: #333333;\">H\u00e1 bares medievais, feiras de chocolate. Existem lendas de reis e rainhas. H\u00e1 lazer e natureza. \u00d3bidos responde perfeitamente a v\u00e1rios gostos, desde os mais rom\u00e2nticos aos mais l\u00fadicos.<\/span><\/p>\n<p>[\/vc_column_text][\/vc_column][vc_column width=&#8221;1\/2&#8243;][vc_images_carousel images=&#8221;11085,11077,11081,11089,11093,11097,11101&#8243; img_size=&#8221;medium&#8221; speed=&#8221;3500&#8243; autoplay=&#8221;yes&#8221; hide_pagination_control=&#8221;yes&#8221; wrap=&#8221;yes&#8221;][\/vc_column][\/vc_row][vc_row equal_height=&#8221;yes&#8221;][vc_column width=&#8221;1\/2&#8243; css=&#8221;.vc_custom_1652008484200{padding-right: 5% !important;}&#8221;][vc_empty_space height=&#8221;60px&#8221;][vc_column_text]<\/p>\n<h4 style=\"text-align: center;\">SESIMBRA &#8211; Terra de gente do mar<\/h4>\n<p>[\/vc_column_text][vc_empty_space height=&#8221;60px&#8221;][vc_column_text]<\/p>\n<p style=\"text-align: justify;\"><span style=\"font-size: 14pt; color: #333333;\">\u00c9 uma das vilas mais carism\u00e1ticas de Portugal, a cerca de 30 quil\u00f3metros de Lisboa. Com mais de 40 quil\u00f3metros de costa atl\u00e2ntica, que se estende da Lagoa de Albufeira \u00e0 Serra da Arr\u00e1bida, Sesimbra, sobranceira \u00e0 ba\u00eda, oferece um leque de \u201cportugalidades\u201d: da Gastronomia, aos museus e monumentos, \u00e0s paisagens deslumbrantes, Sesimbra \u00e9 um destino urgente para quem quer sentir a vida em toda a sua pulsa\u00e7\u00e3o.<\/span><\/p>\n<p style=\"text-align: justify;\"><span style=\"font-size: 14pt; color: #333333;\">Na costa oeste encontram-se os extensos areais do Meco e, a sul, as imponentes fal\u00e9sias do Cabo Espichel.<\/span><\/p>\n<p style=\"text-align: justify;\"><span style=\"font-size: 14pt; color: #333333;\">A poente, a paisagem \u00e9 dominada pelo Porto de Abrigo, onde a az\u00e1fama e as tradi\u00e7\u00f5es piscat\u00f3rias se cruzam com atividades tur\u00edsticas como o mergulho, a vela ou a canoagem.<\/span><\/p>\n<p>[\/vc_column_text][\/vc_column][vc_column width=&#8221;1\/2&#8243;][vc_images_carousel images=&#8221;11130,11106,11110,11114,11118,11122,11126&#8243; img_size=&#8221;medium&#8221; speed=&#8221;4000&#8243; autoplay=&#8221;yes&#8221; hide_pagination_control=&#8221;yes&#8221; wrap=&#8221;yes&#8221;][\/vc_column][\/vc_row][vc_row equal_height=&#8221;yes&#8221;][vc_column width=&#8221;1\/2&#8243; css=&#8221;.vc_custom_1652008484200{padding-right: 5% !important;}&#8221;][vc_empty_space height=&#8221;60px&#8221;][vc_column_text]<\/p>\n<h4 style=\"text-align: center;\">\u00c9VORA<\/h4>\n<p>[\/vc_column_text][vc_empty_space height=&#8221;60px&#8221;][vc_column_text]<\/p>\n<p style=\"text-align: justify;\"><span style=\"font-size: 14pt; color: #333333;\">Cidade alentejana, capital de distrito e sede de um dos maiores concelhos do pa\u00eds, \u00c9vora \u00e9 uma das cidades portuguesas mais emblem\u00e1ticas.<\/span><\/p>\n<p style=\"text-align: justify;\"><span style=\"font-size: 14pt; color: #333333;\">O seu bel\u00edssimo centro hist\u00f3rico foi classificado pela UNESCO como Patrim\u00f3nio Mundial, numa \u00e1rea de cerca de 105 hectares e cerca de 400 edif\u00edcios, o que \u00e9, s\u00f3 por si, uma das melhores raz\u00f5es para visitar esta maravilhosa cidade alentejana.<\/span><\/p>\n<p>[\/vc_column_text][\/vc_column][vc_column width=&#8221;1\/2&#8243;][vc_images_carousel images=&#8221;11160,11136,11164,11140,11144,11148,11152,11156&#8243; img_size=&#8221;medium&#8221; autoplay=&#8221;yes&#8221; hide_pagination_control=&#8221;yes&#8221; wrap=&#8221;yes&#8221;][\/vc_column][\/vc_row]<\/p>\n<\/section>","protected":false},"excerpt":{"rendered":"<p>[vc_row equal_height=&#8221;yes&#8221; content_placement=&#8221;middle&#8221;][vc_column width=&#8221;1\/2&#8243; css=&#8221;.vc_custom_1652008484200{padding-right: 5% !important;}&#8221;][vc_empty_space height=&#8221;60px&#8221;][vc_column_text] LISBOA &#8211; A m\u00e1gica cidade da luz [\/vc_column_text][vc_empty_space height=&#8221;40px&#8221;][vc_column_text] Situada no extremo oeste da Europa, Lisboa \u00e9 a capital mais ensolarada do continente, com uma m\u00e9dia de 2.799 horas de sol por ano. Com o Oceano Atl\u00e2ntico como pano de fundo, esta cidade deliciosamente ensolarada vive num [&hellip;]<\/p>\n","protected":false},"author":1,"featured_media":10509,"parent":0,"menu_order":0,"comment_status":"closed","ping_status":"closed","template":"","meta":{"footnotes":""},"class_list":["post-11680","page","type-page","status-publish","has-post-thumbnail","hentry"],"_links":{"self":[{"href":"https:\/\/whereto.pt\/pt-pt\/wp-json\/wp\/v2\/pages\/11680","targetHints":{"allow":["GET"]}}],"collection":[{"href":"https:\/\/whereto.pt\/pt-pt\/wp-json\/wp\/v2\/pages"}],"about":[{"href":"https:\/\/whereto.pt\/pt-pt\/wp-json\/wp\/v2\/types\/page"}],"author":[{"embeddable":true,"href":"https:\/\/whereto.pt\/pt-pt\/wp-json\/wp\/v2\/users\/1"}],"replies":[{"embeddable":true,"href":"https:\/\/whereto.pt\/pt-pt\/wp-json\/wp\/v2\/comments?post=11680"}],"version-history":[{"count":3,"href":"https:\/\/whereto.pt\/pt-pt\/wp-json\/wp\/v2\/pages\/11680\/revisions"}],"predecessor-version":[{"id":12070,"href":"https:\/\/whereto.pt\/pt-pt\/wp-json\/wp\/v2\/pages\/11680\/revisions\/12070"}],"wp:featuredmedia":[{"embeddable":true,"href":"https:\/\/whereto.pt\/pt-pt\/wp-json\/wp\/v2\/media\/10509"}],"wp:attachment":[{"href":"https:\/\/whereto.pt\/pt-pt\/wp-json\/wp\/v2\/media?parent=11680"}],"curies":[{"name":"wp","href":"https:\/\/api.w.org\/{rel}","templated":true}]}}